{"id":1320,"date":"2024-02-22T13:36:00","date_gmt":"2024-02-22T13:36:00","guid":{"rendered":"https:\/\/asteriahrgroup.com\/privacy-policy\/"},"modified":"2025-12-19T12:51:43","modified_gmt":"2025-12-19T12:51:43","slug":"privacybeleid","status":"publish","type":"page","link":"https:\/\/asteriahrgroup.com\/nl\/privacybeleid\/","title":{"rendered":"Privacybeleid"},"content":{"rendered":"\t\t<div data-elementor-type=\"wp-page\" data-elementor-id=\"1320\" class=\"elementor elementor-1320 elementor-319\" data-elementor-settings=\"{&quot;element_pack_global_tooltip_width&quot;:{&quot;unit&quot;:&quot;px&quot;,&quot;size&quot;:&quot;&quot;,&quot;sizes&quot;:[]},&quot;element_pack_global_tooltip_width_tablet&quot;:{&quot;unit&quot;:&quot;px&quot;,&quot;size&quot;:&quot;&quot;,&quot;sizes&quot;:[]},&quot;element_pack_global_tooltip_width_mobile&quot;:{&quot;unit&quot;:&quot;px&quot;,&quot;size&quot;:&quot;&quot;,&quot;sizes&quot;:[]},&quot;element_pack_global_tooltip_padding&quot;:{&quot;unit&quot;:&quot;px&quot;,&quot;top&quot;:&quot;&quot;,&quot;right&quot;:&quot;&quot;,&quot;bottom&quot;:&quot;&quot;,&quot;left&quot;:&quot;&quot;,&quot;isLinked&quot;:true},&quot;element_pack_global_tooltip_padding_tablet&quot;:{&quot;unit&quot;:&quot;px&quot;,&quot;top&quot;:&quot;&quot;,&quot;right&quot;:&quot;&quot;,&quot;bottom&quot;:&quot;&quot;,&quot;left&quot;:&quot;&quot;,&quot;isLinked&quot;:true},&quot;element_pack_global_tooltip_padding_mobile&quot;:{&quot;unit&quot;:&quot;px&quot;,&quot;top&quot;:&quot;&quot;,&quot;right&quot;:&quot;&quot;,&quot;bottom&quot;:&quot;&quot;,&quot;left&quot;:&quot;&quot;,&quot;isLinked&quot;:true},&quot;element_pack_global_tooltip_border_radius&quot;:{&quot;unit&quot;:&quot;px&quot;,&quot;top&quot;:&quot;&quot;,&quot;right&quot;:&quot;&quot;,&quot;bottom&quot;:&quot;&quot;,&quot;left&quot;:&quot;&quot;,&quot;isLinked&quot;:true},&quot;element_pack_global_tooltip_border_radius_tablet&quot;:{&quot;unit&quot;:&quot;px&quot;,&quot;top&quot;:&quot;&quot;,&quot;right&quot;:&quot;&quot;,&quot;bottom&quot;:&quot;&quot;,&quot;left&quot;:&quot;&quot;,&quot;isLinked&quot;:true},&quot;element_pack_global_tooltip_border_radius_mobile&quot;:{&quot;unit&quot;:&quot;px&quot;,&quot;top&quot;:&quot;&quot;,&quot;right&quot;:&quot;&quot;,&quot;bottom&quot;:&quot;&quot;,&quot;left&quot;:&quot;&quot;,&quot;isLinked&quot;:true}}\" data-elementor-post-type=\"page\">\n\t\t\t\t<div class=\"elementor-element elementor-element-cad9f46 e-flex e-con-boxed e-con e-parent\" data-id=\"cad9f46\" data-element_type=\"container\">\n\t\t\t\t\t<div class=\"e-con-inner\">\n\t\t\t\t<div class=\"elementor-element elementor-element-d225468 elementor-widget elementor-widget-heading\" data-id=\"d225468\" data-element_type=\"widget\" data-widget_type=\"heading.default\">\n\t\t\t\t<div class=\"elementor-widget-container\">\n\t\t\t\t\t<h1 class=\"elementor-heading-title elementor-size-default\">Privacy Policy<\/h1>\t\t\t\t<\/div>\n\t\t\t\t<\/div>\n\t\t\t\t<div class=\"elementor-element elementor-element-832f5f3 elementor-widget elementor-widget-text-editor\" data-id=\"832f5f3\" data-element_type=\"widget\" data-widget_type=\"text-editor.default\">\n\t\t\t\t<div class=\"elementor-widget-container\">\n\t\t\t\t\t\t\t\t\t<p><span style=\"font-weight: 400;\">Privacybeleid voor Asteria HR Group BV<\/span><\/p><p><span style=\"font-weight: 400;\">Effectieve datum: 29\/2\/2024<\/span><\/p><p><span style=\"font-weight: 400;\">Bedankt voor het bezoeken van www.asteriahrgroup.com (de &#8220;Website&#8221;). Dit Privacybeleid is ontworpen om u te informeren over hoe Asteria HR Group BV uw persoonlijke informatie verzamelt, gebruikt en beschermt in overeenstemming met de Algemene Verordening Gegevensbescherming (AVG). <\/span><a href=\"https:\/\/www.dataprotectionauthority.be\/citizen\"><span style=\"font-weight: 400;\">https:\/\/www.dataprotectionauthority.be\/citizen<\/span><\/a> <\/p>\t\t\t\t\t\t\t\t<\/div>\n\t\t\t\t<\/div>\n\t\t\t\t<div class=\"elementor-element elementor-element-f4343b4 elementor-widget elementor-widget-heading\" data-id=\"f4343b4\" data-element_type=\"widget\" data-widget_type=\"heading.default\">\n\t\t\t\t<div class=\"elementor-widget-container\">\n\t\t\t\t\t<h2 class=\"elementor-heading-title elementor-size-default\">1. Gegevensbeheerder<\/h2>\t\t\t\t<\/div>\n\t\t\t\t<\/div>\n\t\t\t\t<div class=\"elementor-element elementor-element-6f5c403 elementor-widget elementor-widget-text-editor\" data-id=\"6f5c403\" data-element_type=\"widget\" data-widget_type=\"text-editor.default\">\n\t\t\t\t<div class=\"elementor-widget-container\">\n\t\t\t\t\t\t\t\t\t<ul><li style=\"font-weight: 400;\" aria-level=\"1\"><span style=\"font-weight: 400;\">Asteria HR Group BV<\/span><\/li><li style=\"font-weight: 400;\" aria-level=\"1\"><span style=\"font-weight: 400;\">Broederminstraat 9<\/span><\/li><li style=\"font-weight: 400;\" aria-level=\"1\"><span style=\"font-weight: 400;\">2018 Antwerpen<\/span><\/li><\/ul>\t\t\t\t\t\t\t\t<\/div>\n\t\t\t\t<\/div>\n\t\t\t\t<div class=\"elementor-element elementor-element-815b9e3 elementor-widget elementor-widget-heading\" data-id=\"815b9e3\" data-element_type=\"widget\" data-widget_type=\"heading.default\">\n\t\t\t\t<div class=\"elementor-widget-container\">\n\t\t\t\t\t<h2 class=\"elementor-heading-title elementor-size-default\">2. Contactinformatie\n<\/h2>\t\t\t\t<\/div>\n\t\t\t\t<\/div>\n\t\t\t\t<div class=\"elementor-element elementor-element-fdc0242 elementor-widget elementor-widget-text-editor\" data-id=\"fdc0242\" data-element_type=\"widget\" data-widget_type=\"text-editor.default\">\n\t\t\t\t<div class=\"elementor-widget-container\">\n\t\t\t\t\t\t\t\t\t<p><span style=\"font-weight: 400;\">Als u vragen of zorgen heeft over dit Privacybeleid of onze gegevenspraktijken, neem dan contact met ons op via info@asteriahrgroup.com<\/span><\/p>\t\t\t\t\t\t\t\t<\/div>\n\t\t\t\t<\/div>\n\t\t\t\t<div class=\"elementor-element elementor-element-d5debd5 elementor-widget elementor-widget-heading\" data-id=\"d5debd5\" data-element_type=\"widget\" data-widget_type=\"heading.default\">\n\t\t\t\t<div class=\"elementor-widget-container\">\n\t\t\t\t\t<h2 class=\"elementor-heading-title elementor-size-default\">3. Soorten persoonsgegevens verzameld<\/h2>\t\t\t\t<\/div>\n\t\t\t\t<\/div>\n\t\t\t\t<div class=\"elementor-element elementor-element-a5ba3d1 elementor-widget elementor-widget-text-editor\" data-id=\"a5ba3d1\" data-element_type=\"widget\" data-widget_type=\"text-editor.default\">\n\t\t\t\t<div class=\"elementor-widget-container\">\n\t\t\t\t\t\t\t\t\t<p><span style=\"font-weight: 400;\">We kunnen de volgende soorten persoonsgegevens verzamelen wanneer u onze website bezoekt: Afhankelijk van de relatie verzamelen we verschillende gegevens.<\/span><\/p><p><span style=\"font-weight: 400;\">Als u een kandidaat bent, slaan we de volgende gegevens op en verzamelen we deze:<\/span><\/p><ul><li style=\"font-weight: 400;\" aria-level=\"1\"><span style=\"font-weight: 400;\">Naam<\/span><\/li><li style=\"font-weight: 400;\" aria-level=\"1\"><span style=\"font-weight: 400;\">Contactgegevens (e-mailadres, telefoonnummer, adres, etc.)<\/span><\/li><li style=\"font-weight: 400;\" aria-level=\"1\"><span style=\"font-weight: 400;\">Functietitel<\/span><\/li><li style=\"font-weight: 400;\" aria-level=\"1\"><span style=\"font-weight: 400;\">Geslacht<\/span><\/li><li style=\"font-weight: 400;\" aria-level=\"1\"><span style=\"font-weight: 400;\">Opleiding en graden<\/span><\/li><li style=\"font-weight: 400;\" aria-level=\"1\"><span style=\"font-weight: 400;\">Referenties<\/span><\/li><li style=\"font-weight: 400;\" aria-level=\"1\"><span style=\"font-weight: 400;\">Curriculum Vitae (indien verstrekt)<\/span><\/li><li style=\"font-weight: 400;\" aria-level=\"1\"><span style=\"font-weight: 400;\">Jobvereisten<\/span><\/li><li style=\"font-weight: 400;\" aria-level=\"1\"><span style=\"font-weight: 400;\">Andere informatie die u vrijwillig verstrekt<\/span><\/li><\/ul><p><span style=\"font-weight: 400;\">We zijn ook altijd op zoek naar potenti\u00eble kandidaten. In dit geval vertrouwen we op informatie die we online vinden. Als we denken dat u mogelijk ge\u00efnteresseerd bent in onze diensten of dat we u verder kunnen helpen in uw carri\u00e8re, verwerken we deze informatie om contact met u op te nemen. We verwerken alle informatie die online is gepubliceerd op openbare websites die terug te vinden zijn op een normaal cv.<\/span><\/p><p><span style=\"font-weight: 400;\">Als u een klant bent, slaan we de volgende gegevens op en verzamelen we deze:<\/span><\/p><ul><li style=\"font-weight: 400;\" aria-level=\"1\"><span style=\"font-weight: 400;\">Naam<\/span><\/li><li style=\"font-weight: 400;\" aria-level=\"1\"><span style=\"font-weight: 400;\">\u00a0Contactgegevens (e-mailadres, telefoonnummer, adres, etc.)<\/span><\/li><li style=\"font-weight: 400;\" aria-level=\"1\"><span style=\"font-weight: 400;\">Functietitel<\/span><\/li><li style=\"font-weight: 400;\" aria-level=\"1\"><span style=\"font-weight: 400;\">Alle specifieke informatie verkregen tijdens screening, referenties die we hebben ontvangen of van werknemers van het bedrijf<\/span><\/li><\/ul>\t\t\t\t\t\t\t\t<\/div>\n\t\t\t\t<\/div>\n\t\t\t\t<div class=\"elementor-element elementor-element-6548e22 elementor-widget elementor-widget-heading\" data-id=\"6548e22\" data-element_type=\"widget\" data-widget_type=\"heading.default\">\n\t\t\t\t<div class=\"elementor-widget-container\">\n\t\t\t\t\t<h2 class=\"elementor-heading-title elementor-size-default\">4. Doeleinden van verwerking<\/h2>\t\t\t\t<\/div>\n\t\t\t\t<\/div>\n\t\t\t\t<div class=\"elementor-element elementor-element-7f3b9d7 elementor-widget elementor-widget-text-editor\" data-id=\"7f3b9d7\" data-element_type=\"widget\" data-widget_type=\"text-editor.default\">\n\t\t\t\t<div class=\"elementor-widget-container\">\n\t\t\t\t\t\t\t\t\t<p><span style=\"font-weight: 400;\">We verwerken uw persoonsgegevens voor de volgende doeleinden:<\/span><\/p><ul><li style=\"font-weight: 400;\" aria-level=\"1\"><span style=\"font-weight: 400;\">Het leveren en verbeteren van onze wervingsdiensten<\/span><\/li><li style=\"font-weight: 400;\" aria-level=\"1\"><span style=\"font-weight: 400;\">\u00a0Reageren op uw vragen en communicatie<\/span><\/li><li style=\"font-weight: 400;\" aria-level=\"1\"><span style=\"font-weight: 400;\">\u00a0Verzenden van nieuwsbrieven en updates<\/span><\/li><li style=\"font-weight: 400;\" aria-level=\"1\"><span style=\"font-weight: 400;\">Aanpassen van inhoud op basis van uw voorkeuren<\/span><\/li><li style=\"font-weight: 400;\" aria-level=\"1\"><span style=\"font-weight: 400;\">Voldoen aan wettelijke verplichtingen<\/span><\/li><\/ul>\t\t\t\t\t\t\t\t<\/div>\n\t\t\t\t<\/div>\n\t\t\t\t<div class=\"elementor-element elementor-element-a8e2a56 elementor-widget elementor-widget-heading\" data-id=\"a8e2a56\" data-element_type=\"widget\" data-widget_type=\"heading.default\">\n\t\t\t\t<div class=\"elementor-widget-container\">\n\t\t\t\t\t<h2 class=\"elementor-heading-title elementor-size-default\">5. Wettelijke basis voor verwerking<\/h2>\t\t\t\t<\/div>\n\t\t\t\t<\/div>\n\t\t\t\t<div class=\"elementor-element elementor-element-7786c54 elementor-widget elementor-widget-text-editor\" data-id=\"7786c54\" data-element_type=\"widget\" data-widget_type=\"text-editor.default\">\n\t\t\t\t<div class=\"elementor-widget-container\">\n\t\t\t\t\t\t\t\t\t<p><span style=\"font-weight: 400;\">We verwerken uw persoonsgegevens op de volgende wettelijke grondslagen:<\/span><\/p><ul><li style=\"font-weight: 400;\" aria-level=\"1\"><span style=\"font-weight: 400;\">Uw toestemming<\/span><\/li><li style=\"font-weight: 400;\" aria-level=\"1\"><span style=\"font-weight: 400;\">Uitvoering van een contract met u<\/span><\/li><li style=\"font-weight: 400;\" aria-level=\"1\"><span style=\"font-weight: 400;\">Cookies op onze website<\/span><\/li><li style=\"font-weight: 400;\" aria-level=\"1\"><span style=\"font-weight: 400;\">Informatie op openbare websites, vacaturesites en sociale media zoals Linkedin, Facebook, Instagram.<\/span><\/li><\/ul>\t\t\t\t\t\t\t\t<\/div>\n\t\t\t\t<\/div>\n\t\t\t\t<div class=\"elementor-element elementor-element-a1d6f25 elementor-widget elementor-widget-heading\" data-id=\"a1d6f25\" data-element_type=\"widget\" data-widget_type=\"heading.default\">\n\t\t\t\t<div class=\"elementor-widget-container\">\n\t\t\t\t\t<h2 class=\"elementor-heading-title elementor-size-default\">6. Gegevensbeschermingsrechten<\/h2>\t\t\t\t<\/div>\n\t\t\t\t<\/div>\n\t\t\t\t<div class=\"elementor-element elementor-element-74e19aa elementor-widget elementor-widget-text-editor\" data-id=\"74e19aa\" data-element_type=\"widget\" data-widget_type=\"text-editor.default\">\n\t\t\t\t<div class=\"elementor-widget-container\">\n\t\t\t\t\t\t\t\t\t<p><span style=\"font-weight: 400;\">U heeft de volgende gegevensbeschermingsrechten onder de AVG:<\/span><\/p><p><b>Recht op toegang<\/b><span style=\"font-weight: 400;\">: U kunt toegang vragen tot uw persoonsgegevens die wij bewaren.<\/span><\/p><p><b>Recht op rectificatie<\/b><span style=\"font-weight: 400;\">: U kunt de correctie van onnauwkeurige of onvolledige persoonsgegevens aanvragen.<\/span><\/p><p><b>Recht op verwijdering<\/b><span style=\"font-weight: 400;\">: U kunt de verwijdering van uw persoonsgegevens onder bepaalde voorwaarden aanvragen.<\/span><\/p><p><b>Recht op beperking van verwerking<\/b><span style=\"font-weight: 400;\">: U kunt de beperking van de verwerking van uw persoonsgegevens onder bepaalde voorwaarden aanvragen.<\/span><\/p><p><b>Recht op gegevensoverdraagbaarheid<\/b><span style=\"font-weight: 400;\">: U kunt de overdracht van uw persoonsgegevens naar een andere partij aanvragen in een gestructureerd, veelgebruikt en machinaal leesbaar formaat.<\/span><\/p><p><b>Recht op bezwaar<\/b><span style=\"font-weight: 400;\">: U kunt bezwaar maken tegen de verwerking van uw persoonsgegevens onder bepaalde voorwaarden.<\/span><\/p>\t\t\t\t\t\t\t\t<\/div>\n\t\t\t\t<\/div>\n\t\t\t\t<div class=\"elementor-element elementor-element-6d07357 elementor-widget elementor-widget-heading\" data-id=\"6d07357\" data-element_type=\"widget\" data-widget_type=\"heading.default\">\n\t\t\t\t<div class=\"elementor-widget-container\">\n\t\t\t\t\t<h2 class=\"elementor-heading-title elementor-size-default\">7. Hoe u uw gegevensbeschermingsrechten kunt uitoefenen<\/h2>\t\t\t\t<\/div>\n\t\t\t\t<\/div>\n\t\t\t\t<div class=\"elementor-element elementor-element-f78523d elementor-widget elementor-widget-text-editor\" data-id=\"f78523d\" data-element_type=\"widget\" data-widget_type=\"text-editor.default\">\n\t\t\t\t<div class=\"elementor-widget-container\">\n\t\t\t\t\t\t\t\t\t<p><span style=\"font-weight: 400;\">Om uw gegevensbeschermingsrechten uit te oefenen, neemt u contact met ons op via info@asteriahrgroup.com. We zullen binnen een maand op uw verzoek reageren, tenzij de complexiteit of het aantal verzoeken een verlenging vereist, in welk geval we u van de verlenging op de hoogte zullen stellen.<\/span><\/p>\t\t\t\t\t\t\t\t<\/div>\n\t\t\t\t<\/div>\n\t\t\t\t<div class=\"elementor-element elementor-element-b3c33c5 elementor-widget elementor-widget-heading\" data-id=\"b3c33c5\" data-element_type=\"widget\" data-widget_type=\"heading.default\">\n\t\t\t\t<div class=\"elementor-widget-container\">\n\t\t\t\t\t<h2 class=\"elementor-heading-title elementor-size-default\">8. Gegevensbeveiliging<\/h2>\t\t\t\t<\/div>\n\t\t\t\t<\/div>\n\t\t\t\t<div class=\"elementor-element elementor-element-c3005d0 elementor-widget elementor-widget-text-editor\" data-id=\"c3005d0\" data-element_type=\"widget\" data-widget_type=\"text-editor.default\">\n\t\t\t\t<div class=\"elementor-widget-container\">\n\t\t\t\t\t\t\t\t\t<p><span style=\"font-weight: 400;\">We implementeren passende technische en organisatorische maatregelen om de beveiliging van uw persoonsgegevens te waarborgen, inclusief bescherming tegen ongeautoriseerde of onrechtmatige verwerking en tegen onopzettelijk verlies, vernietiging of schade.<\/span><\/p>\t\t\t\t\t\t\t\t<\/div>\n\t\t\t\t<\/div>\n\t\t\t\t<div class=\"elementor-element elementor-element-0c2e16f elementor-widget elementor-widget-heading\" data-id=\"0c2e16f\" data-element_type=\"widget\" data-widget_type=\"heading.default\">\n\t\t\t\t<div class=\"elementor-widget-container\">\n\t\t\t\t\t<h2 class=\"elementor-heading-title elementor-size-default\">9. Wijzigingen in dit privacybeleid<\/h2>\t\t\t\t<\/div>\n\t\t\t\t<\/div>\n\t\t\t\t<div class=\"elementor-element elementor-element-45a4991 elementor-widget elementor-widget-text-editor\" data-id=\"45a4991\" data-element_type=\"widget\" data-widget_type=\"text-editor.default\">\n\t\t\t\t<div class=\"elementor-widget-container\">\n\t\t\t\t\t\t\t\t\t<p><span style=\"font-weight: 400;\">We kunnen dit privacybeleid periodiek bijwerken. Bekijk de effectieve datum bovenaan het beleid om te bepalen wanneer het voor het laatst is herzien.<\/span><\/p><p><span style=\"font-weight: 400;\">Door onze website te gebruiken, stemt u in met de voorwaarden zoals uiteengezet in dit privacybeleid.<\/span><\/p>\t\t\t\t\t\t\t\t<\/div>\n\t\t\t\t<\/div>\n\t\t\t\t\t<\/div>\n\t\t\t\t<\/div>\n\t\t\t\t<\/div>\n\t\t","protected":false},"excerpt":{"rendered":"<p>Privacy Policy Privacybeleid voor Asteria HR Group BV Effectieve datum: 29\/2\/2024 Bedankt voor het bezoeken van www.asteriahrgroup.com (de &#8220;Website&#8221;). Dit Privacybeleid is ontworpen om u te informeren over hoe Asteria HR Group BV uw persoonlijke informatie verzamelt, gebruikt en beschermt in overeenstemming met de Algemene Verordening Gegevensbescherming (AVG). https:\/\/www.dataprotectionauthority.be\/citizen 1. Gegevensbeheerder Asteria HR Group BV [&hellip;]<\/p>\n","protected":false},"author":1,"featured_media":0,"parent":0,"menu_order":0,"comment_status":"closed","ping_status":"closed","template":"","meta":{"_acf_changed":false,"_joinchat":[],"footnotes":""},"class_list":["post-1320","page","type-page","status-publish","hentry"],"acf":[],"_links":{"self":[{"href":"https:\/\/asteriahrgroup.com\/nl\/wp-json\/wp\/v2\/pages\/1320","targetHints":{"allow":["GET"]}}],"collection":[{"href":"https:\/\/asteriahrgroup.com\/nl\/wp-json\/wp\/v2\/pages"}],"about":[{"href":"https:\/\/asteriahrgroup.com\/nl\/wp-json\/wp\/v2\/types\/page"}],"author":[{"embeddable":true,"href":"https:\/\/asteriahrgroup.com\/nl\/wp-json\/wp\/v2\/users\/1"}],"replies":[{"embeddable":true,"href":"https:\/\/asteriahrgroup.com\/nl\/wp-json\/wp\/v2\/comments?post=1320"}],"version-history":[{"count":7,"href":"https:\/\/asteriahrgroup.com\/nl\/wp-json\/wp\/v2\/pages\/1320\/revisions"}],"predecessor-version":[{"id":3272,"href":"https:\/\/asteriahrgroup.com\/nl\/wp-json\/wp\/v2\/pages\/1320\/revisions\/3272"}],"wp:attachment":[{"href":"https:\/\/asteriahrgroup.com\/nl\/wp-json\/wp\/v2\/media?parent=1320"}],"curies":[{"name":"wp","href":"https:\/\/api.w.org\/{rel}","templated":true}]}}